{"id":27,"date":"2021-09-09T16:18:15","date_gmt":"2021-09-09T14:18:15","guid":{"rendered":"http:\/\/www.wienefoet.de\/sw\/?page_id=27"},"modified":"2022-10-20T17:57:16","modified_gmt":"2022-10-20T15:57:16","slug":"termine","status":"publish","type":"page","link":"https:\/\/www.wienefoet.de\/sw\/termine\/","title":{"rendered":"Termine"},"content":{"rendered":"<div  class=\"ultp-post-grid-block wp-block-ultimate-post-post-list-3 ultp-block-5b2f2d\"><div class=\"ultp-block-wrapper\"><div class=\"ultp-loading\"><div class=\"ultp-loading-spinner\" style=\"width:100%;height:100%\"><div><\/div><div><\/div><div><\/div><div><\/div><div><\/div><div><\/div><div><\/div><div><\/div><div><\/div><div><\/div><div><\/div><div><\/div><\/div><\/div><div class=\"ultp-heading-filter\"><div class=\"ultp-heading-filter-in\"><div class=\"ultp-heading-wrap ultp-heading-style18 ultp-heading-left\"><h2 class=\"ultp-heading-inner\"><span>Silvia Wienefoet<\/span><\/h2><\/div><div class=\"ultp-filter-navigation\"><div class=\"ultp-filter-wrap\" data-taxtype=category data-blockid=\"5b2f2d\" data-blockname=\"ultimate-post_post-list-3\" data-postid=\"27\"data-selfpostid=\"no\"><ul class=\"ultp-flex-menu\" data-name=\"More\"><li class=\"filter-item\"><a class=\"filter-active\" data-taxonomy=\"\" href=\"#\">Alle<\/a><\/li><li class=\"filter-item\"><a data-taxonomy=\"termine\" href=\"#\">Termine<\/a><\/li><\/ul><\/div><\/div><\/div><\/div><div class=\"ultp-block-items-wrap ultp-block-row ultp-block-column-1 ultp-block-content-middle ultp-layout1\"><div class=\"ultp-block-item ultp-block-media post-id-712\"><div class=\"ultp-block-content-wrap\"><div class=\"ultp-block-image ultp-block-image-zoomIn\"><a href=\"https:\/\/www.wienefoet.de\/sw\/2023\/01\/04\/alles-immer-jetzt-bbk-mitgliederinnen-stellen-aus-2022\/\" ><img decoding=\"async\"  alt=\"ALLES IMMER JETZT \/ BBK-MitgliederInnen stellen aus. 2022\"  src=\"https:\/\/www.wienefoet.de\/sw\/wp-content\/uploads\/2023\/01\/Plakat-768x424.jpg\" \/><\/a><\/div><div class=\"ultp-block-content\"><div class=\"ultp-category-grid ultp-category-classic ultp-category-aboveTitle\"><div class=\"ultp-category-in ultp-cat-color-1\"><a class=\"ultp-cat-2022 ultp-cat-only-color-1\" href=\"https:\/\/www.wienefoet.de\/sw\/category\/2022\/\" style=\"background-color: #CE2746;\" >2022<\/a><a class=\"ultp-cat-2023 ultp-cat-only-color-1\" href=\"https:\/\/www.wienefoet.de\/sw\/category\/2023\/\" style=\"background-color: #CE2746;\" >2023<\/a><a class=\"ultp-cat-allgemein ultp-cat-only-color-1\" href=\"https:\/\/www.wienefoet.de\/sw\/category\/allgemein\/\" style=\"background-color: #CE2746;\" >Allgemein<\/a><a class=\"ultp-cat-termine ultp-cat-only-color-1\" href=\"https:\/\/www.wienefoet.de\/sw\/category\/termine\/\" style=\"background-color: #CE2746;\" >Termine<\/a><\/div><\/div><h2 class=\"ultp-block-title \"><a href=\"https:\/\/www.wienefoet.de\/sw\/2023\/01\/04\/alles-immer-jetzt-bbk-mitgliederinnen-stellen-aus-2022\/\" >ALLES IMMER JETZT \/ BBK-MitgliederInnen stellen aus. 2022<\/a><\/h2><div class=\"ultp-block-excerpt\"><p>ALLES IMMER JETZT \/ BBK-Mitglieder stellen aus 2022 08. Dezember 2022&nbsp;&#8211;&nbsp;14. Januar 2023 SONDER\u00d6FFNUNG 08.12.2022 \/ 14 &#8211; 20&nbsp;Uhr \/ Eintritt frei18 Uhr \/ Er\u00f6ffnungsrede \/&nbsp;Alexander Steig (Vorstandsvorsitz BBK M\u00fcnchen&hellip;<\/p>\n<\/div><div class=\"ultp-block-readmore\"><a aria-label=\"ALLES IMMER JETZT \/ BBK-MitgliederInnen stellen aus. 2022\" href=\"https:\/\/www.wienefoet.de\/sw\/2023\/01\/04\/alles-immer-jetzt-bbk-mitgliederinnen-stellen-aus-2022\/\" >weiterlesen<svg xmlns=\"http:\/\/www.w3.org\/2000\/svg\" fill=\"none\" viewBox=\"0 0 24 24\">\n  <path stroke=\"currentColor\" stroke-linecap=\"round\" stroke-linejoin=\"round\" stroke-width=\"1.5\" d=\"M17.933 12.8a1 1 0 0 0 0-1.6L8.6 4.2A1 1 0 0 0 7 5v14a1 1 0 0 0 1.6.8l9.333-7Z\"\/>\n<\/svg>\n<\/a><\/div><\/div><\/div><\/div><div class=\"ultp-block-item ultp-block-media post-id-701\"><div class=\"ultp-block-content-wrap\"><div class=\"ultp-block-image ultp-block-image-zoomIn\"><a href=\"https:\/\/www.wienefoet.de\/sw\/2022\/10\/20\/pop-up-ausstellung\/\" ><img decoding=\"async\"  alt=\"POP-UP AUSSTELLUNG\"  src=\"https:\/\/www.wienefoet.de\/sw\/wp-content\/uploads\/2022\/10\/unnamed-768x1086.jpg\" \/><\/a><\/div><div class=\"ultp-block-content\"><div class=\"ultp-category-grid ultp-category-classic ultp-category-aboveTitle\"><div class=\"ultp-category-in ultp-cat-color-1\"><a class=\"ultp-cat-2022 ultp-cat-only-color-1\" href=\"https:\/\/www.wienefoet.de\/sw\/category\/2022\/\" style=\"background-color: #CE2746;\" >2022<\/a><a class=\"ultp-cat-allgemein ultp-cat-only-color-1\" href=\"https:\/\/www.wienefoet.de\/sw\/category\/allgemein\/\" style=\"background-color: #CE2746;\" >Allgemein<\/a><a class=\"ultp-cat-termine ultp-cat-only-color-1\" href=\"https:\/\/www.wienefoet.de\/sw\/category\/termine\/\" style=\"background-color: #CE2746;\" >Termine<\/a><\/div><\/div><h2 class=\"ultp-block-title \"><a href=\"https:\/\/www.wienefoet.de\/sw\/2022\/10\/20\/pop-up-ausstellung\/\" >POP-UP AUSSTELLUNG<\/a><\/h2><div class=\"ultp-block-excerpt\"><p>IM KONTEXT VON &#8222;I HAVE NO WORDS &#8211; THERE IST NO TITLE&#8220;<\/p>\n<\/div><div class=\"ultp-block-readmore\"><a aria-label=\"POP-UP AUSSTELLUNG\" href=\"https:\/\/www.wienefoet.de\/sw\/2022\/10\/20\/pop-up-ausstellung\/\" >weiterlesen<svg xmlns=\"http:\/\/www.w3.org\/2000\/svg\" fill=\"none\" viewBox=\"0 0 24 24\">\n  <path stroke=\"currentColor\" stroke-linecap=\"round\" stroke-linejoin=\"round\" stroke-width=\"1.5\" d=\"M17.933 12.8a1 1 0 0 0 0-1.6L8.6 4.2A1 1 0 0 0 7 5v14a1 1 0 0 0 1.6.8l9.333-7Z\"\/>\n<\/svg>\n<\/a><\/div><\/div><\/div><\/div><div class=\"ultp-block-item ultp-block-media post-id-86\"><div class=\"ultp-block-content-wrap\"><div class=\"ultp-block-image ultp-block-image-zoomIn\"><a href=\"https:\/\/www.wienefoet.de\/sw\/2020\/09\/20\/unruly-ghosts-antipasti\/\" ><img decoding=\"async\"  alt=\"Unruly Ghosts: Antipasti\"  src=\"https:\/\/www.wienefoet.de\/sw\/wp-content\/uploads\/2021\/09\/Unruly-Ghost.jpg\" \/><\/a><\/div><div class=\"ultp-block-content\"><div class=\"ultp-category-grid ultp-category-classic ultp-category-aboveTitle\"><div class=\"ultp-category-in ultp-cat-color-1\"><a class=\"ultp-cat-2020 ultp-cat-only-color-1\" href=\"https:\/\/www.wienefoet.de\/sw\/category\/2020\/\" style=\"background-color: #CE2746;\" >2020<\/a><a class=\"ultp-cat-termine ultp-cat-only-color-1\" href=\"https:\/\/www.wienefoet.de\/sw\/category\/termine\/\" style=\"background-color: #CE2746;\" >Termine<\/a><\/div><\/div><h2 class=\"ultp-block-title \"><a href=\"https:\/\/www.wienefoet.de\/sw\/2020\/09\/20\/unruly-ghosts-antipasti\/\" >Unruly Ghosts: Antipasti<\/a><\/h2><div class=\"ultp-block-excerpt\"><p>Wie kann \u00fcber Kunst eine Auseinandersetzung mit der gegenw\u00e4rtigen Krise stattfinden? Als Experiment? In einem Raum? Als Stream? Gemeinsam mit M\u00fcnchner B\u00fcrger*innen hinterfragen Performance- und Multimedia-K\u00fcnstler*innen, die Unruly Ghosts, die&hellip;<\/p>\n<\/div><div class=\"ultp-block-readmore\"><a aria-label=\"Unruly Ghosts: Antipasti\" href=\"https:\/\/www.wienefoet.de\/sw\/2020\/09\/20\/unruly-ghosts-antipasti\/\" >weiterlesen<svg xmlns=\"http:\/\/www.w3.org\/2000\/svg\" fill=\"none\" viewBox=\"0 0 24 24\">\n  <path stroke=\"currentColor\" stroke-linecap=\"round\" stroke-linejoin=\"round\" stroke-width=\"1.5\" d=\"M17.933 12.8a1 1 0 0 0 0-1.6L8.6 4.2A1 1 0 0 0 7 5v14a1 1 0 0 0 1.6.8l9.333-7Z\"\/>\n<\/svg>\n<\/a><\/div><\/div><\/div><\/div><div class=\"ultp-block-item ultp-block-media post-id-365\"><div class=\"ultp-block-content-wrap\"><div class=\"ultp-block-image ultp-block-image-zoomIn\"><a href=\"https:\/\/www.wienefoet.de\/sw\/2020\/02\/20\/bring-in-weight\/\" ><img decoding=\"async\"  alt=\"Bring in Weight\"  src=\"https:\/\/www.wienefoet.de\/sw\/wp-content\/uploads\/2021\/09\/biwFlyer.jpg\" \/><\/a><\/div><div class=\"ultp-block-content\"><div class=\"ultp-category-grid ultp-category-classic ultp-category-aboveTitle\"><div class=\"ultp-category-in ultp-cat-color-1\"><a class=\"ultp-cat-2020 ultp-cat-only-color-1\" href=\"https:\/\/www.wienefoet.de\/sw\/category\/2020\/\" style=\"background-color: #CE2746;\" >2020<\/a><a class=\"ultp-cat-termine ultp-cat-only-color-1\" href=\"https:\/\/www.wienefoet.de\/sw\/category\/termine\/\" style=\"background-color: #CE2746;\" >Termine<\/a><\/div><\/div><h2 class=\"ultp-block-title \"><a href=\"https:\/\/www.wienefoet.de\/sw\/2020\/02\/20\/bring-in-weight\/\" >Bring in Weight<\/a><\/h2><div class=\"ultp-block-excerpt\"><p>Maribor, Slowenien 27.02.2020 &#8211; 29.02.2020<\/p>\n<\/div><div class=\"ultp-block-readmore\"><a aria-label=\"Bring in Weight\" href=\"https:\/\/www.wienefoet.de\/sw\/2020\/02\/20\/bring-in-weight\/\" >weiterlesen<svg xmlns=\"http:\/\/www.w3.org\/2000\/svg\" fill=\"none\" viewBox=\"0 0 24 24\">\n  <path stroke=\"currentColor\" stroke-linecap=\"round\" stroke-linejoin=\"round\" stroke-width=\"1.5\" d=\"M17.933 12.8a1 1 0 0 0 0-1.6L8.6 4.2A1 1 0 0 0 7 5v14a1 1 0 0 0 1.6.8l9.333-7Z\"\/>\n<\/svg>\n<\/a><\/div><\/div><\/div><\/div><div class=\"ultp-block-item ultp-block-media post-id-362\"><div class=\"ultp-block-content-wrap\"><div class=\"ultp-block-image ultp-block-image-zoomIn\"><a href=\"https:\/\/www.wienefoet.de\/sw\/2018\/12\/19\/die-oberflaeche-der-stadt\/\" ><img decoding=\"async\"  alt=\"Die Oberfl\u00e4che der Stadt\"  src=\"https:\/\/www.wienefoet.de\/sw\/wp-content\/uploads\/2021\/09\/Die-Oberflaeche_der_Stadt.jpg\" \/><\/a><\/div><div class=\"ultp-block-content\"><div class=\"ultp-category-grid ultp-category-classic ultp-category-aboveTitle\"><div class=\"ultp-category-in ultp-cat-color-1\"><a class=\"ultp-cat-2018 ultp-cat-only-color-1\" href=\"https:\/\/www.wienefoet.de\/sw\/category\/2018\/\" style=\"background-color: #CE2746;\" >2018<\/a><a class=\"ultp-cat-2019 ultp-cat-only-color-1\" href=\"https:\/\/www.wienefoet.de\/sw\/category\/2019\/\" style=\"background-color: #CE2746;\" >2019<\/a><a class=\"ultp-cat-termine ultp-cat-only-color-1\" href=\"https:\/\/www.wienefoet.de\/sw\/category\/termine\/\" style=\"background-color: #CE2746;\" >Termine<\/a><\/div><\/div><h2 class=\"ultp-block-title \"><a href=\"https:\/\/www.wienefoet.de\/sw\/2018\/12\/19\/die-oberflaeche-der-stadt\/\" >Die Oberfl\u00e4che der Stadt<\/a><\/h2><div class=\"ultp-block-excerpt\"><p>Schnitzer&amp; Studio 05.12.2018 &#8211; 29.01.2019 Wo f\u00e4ngt ein Raum an und wo h\u00f6rt er auf? Wo ist seine Mitte? Und wo ist die T\u00fcr? Wie verh\u00e4lt sich der Raum zum&hellip;<\/p>\n<\/div><div class=\"ultp-block-readmore\"><a aria-label=\"Die Oberfl\u00e4che der Stadt\" href=\"https:\/\/www.wienefoet.de\/sw\/2018\/12\/19\/die-oberflaeche-der-stadt\/\" >weiterlesen<svg xmlns=\"http:\/\/www.w3.org\/2000\/svg\" fill=\"none\" viewBox=\"0 0 24 24\">\n  <path stroke=\"currentColor\" stroke-linecap=\"round\" stroke-linejoin=\"round\" stroke-width=\"1.5\" d=\"M17.933 12.8a1 1 0 0 0 0-1.6L8.6 4.2A1 1 0 0 0 7 5v14a1 1 0 0 0 1.6.8l9.333-7Z\"\/>\n<\/svg>\n<\/a><\/div><\/div><\/div><\/div><div class=\"ultp-block-item ultp-block-media post-id-358\"><div class=\"ultp-block-content-wrap\"><div class=\"ultp-block-image ultp-block-image-zoomIn\"><a href=\"https:\/\/www.wienefoet.de\/sw\/2018\/07\/18\/this-is-mine-all-mine\/\" ><img decoding=\"async\"  alt=\"This is mine | all mine\"  src=\"https:\/\/www.wienefoet.de\/sw\/wp-content\/uploads\/2021\/09\/Stuermt_die_Burg.jpg\" \/><\/a><\/div><div class=\"ultp-block-content\"><div class=\"ultp-category-grid ultp-category-classic ultp-category-aboveTitle\"><div class=\"ultp-category-in ultp-cat-color-1\"><a class=\"ultp-cat-2018 ultp-cat-only-color-1\" href=\"https:\/\/www.wienefoet.de\/sw\/category\/2018\/\" style=\"background-color: #CE2746;\" >2018<\/a><a class=\"ultp-cat-termine ultp-cat-only-color-1\" href=\"https:\/\/www.wienefoet.de\/sw\/category\/termine\/\" style=\"background-color: #CE2746;\" >Termine<\/a><\/div><\/div><h2 class=\"ultp-block-title \"><a href=\"https:\/\/www.wienefoet.de\/sw\/2018\/07\/18\/this-is-mine-all-mine\/\" >This is mine | all mine<\/a><\/h2><div class=\"ultp-block-excerpt\"><p>Popup Space 2019. St\u00fcmt die Burg \u00a0Er\u00f6ffnung: 26. Juli 2018 Wilhelmsburg Ulm<\/p>\n<\/div><div class=\"ultp-block-readmore\"><a aria-label=\"This is mine | all mine\" href=\"https:\/\/www.wienefoet.de\/sw\/2018\/07\/18\/this-is-mine-all-mine\/\" >weiterlesen<svg xmlns=\"http:\/\/www.w3.org\/2000\/svg\" fill=\"none\" viewBox=\"0 0 24 24\">\n  <path stroke=\"currentColor\" stroke-linecap=\"round\" stroke-linejoin=\"round\" stroke-width=\"1.5\" d=\"M17.933 12.8a1 1 0 0 0 0-1.6L8.6 4.2A1 1 0 0 0 7 5v14a1 1 0 0 0 1.6.8l9.333-7Z\"\/>\n<\/svg>\n<\/a><\/div><\/div><\/div><\/div><div class=\"ultp-block-item ultp-block-media post-id-847\"><div class=\"ultp-block-content-wrap\"><div class=\"ultp-block-image ultp-block-image-zoomIn\"><a href=\"https:\/\/www.wienefoet.de\/sw\/2017\/03\/21\/lebenslinien-autobiografisches-erinnern\/\" ><img decoding=\"async\"  alt=\"LEBENSLINIEN. Autobiografisches Erinnern\"  src=\"https:\/\/www.wienefoet.de\/sw\/wp-content\/uploads\/2023\/03\/Einl_lebenslinien.mail_Seite_1-768x384.jpg\" \/><\/a><\/div><div class=\"ultp-block-content\"><div class=\"ultp-category-grid ultp-category-classic ultp-category-aboveTitle\"><div class=\"ultp-category-in ultp-cat-color-1\"><a class=\"ultp-cat-2017 ultp-cat-only-color-1\" href=\"https:\/\/www.wienefoet.de\/sw\/category\/2017\/\" style=\"background-color: #CE2746;\" >2017<\/a><a class=\"ultp-cat-termine ultp-cat-only-color-1\" href=\"https:\/\/www.wienefoet.de\/sw\/category\/termine\/\" style=\"background-color: #CE2746;\" >Termine<\/a><\/div><\/div><h2 class=\"ultp-block-title \"><a href=\"https:\/\/www.wienefoet.de\/sw\/2017\/03\/21\/lebenslinien-autobiografisches-erinnern\/\" >LEBENSLINIEN. Autobiografisches Erinnern<\/a><\/h2><div class=\"ultp-block-excerpt\"><p>St\u00e4dtische Galerie Traunstein. 24.3 -30.4.2017<\/p>\n<\/div><div class=\"ultp-block-readmore\"><a aria-label=\"LEBENSLINIEN. Autobiografisches Erinnern\" href=\"https:\/\/www.wienefoet.de\/sw\/2017\/03\/21\/lebenslinien-autobiografisches-erinnern\/\" >weiterlesen<svg xmlns=\"http:\/\/www.w3.org\/2000\/svg\" fill=\"none\" viewBox=\"0 0 24 24\">\n  <path stroke=\"currentColor\" stroke-linecap=\"round\" stroke-linejoin=\"round\" stroke-width=\"1.5\" d=\"M17.933 12.8a1 1 0 0 0 0-1.6L8.6 4.2A1 1 0 0 0 7 5v14a1 1 0 0 0 1.6.8l9.333-7Z\"\/>\n<\/svg>\n<\/a><\/div><\/div><\/div><\/div><div class=\"ultp-block-item ultp-block-media post-id-355\"><div class=\"ultp-block-content-wrap\"><div class=\"ultp-block-image ultp-block-image-zoomIn\"><a href=\"https:\/\/www.wienefoet.de\/sw\/2017\/03\/17\/liebe-schoenheimat\/\" ><img decoding=\"async\"  alt=\"Liebe | sch\u00f6nheimat\"  src=\"https:\/\/www.wienefoet.de\/sw\/wp-content\/uploads\/2021\/09\/Flyer_KH_WHV_Nordwestkunst_web..jpg\" \/><\/a><\/div><div class=\"ultp-block-content\"><div class=\"ultp-category-grid ultp-category-classic ultp-category-aboveTitle\"><div class=\"ultp-category-in ultp-cat-color-1\"><a class=\"ultp-cat-2017 ultp-cat-only-color-1\" href=\"https:\/\/www.wienefoet.de\/sw\/category\/2017\/\" style=\"background-color: #CE2746;\" >2017<\/a><a class=\"ultp-cat-termine ultp-cat-only-color-1\" href=\"https:\/\/www.wienefoet.de\/sw\/category\/termine\/\" style=\"background-color: #CE2746;\" >Termine<\/a><\/div><\/div><h2 class=\"ultp-block-title \"><a href=\"https:\/\/www.wienefoet.de\/sw\/2017\/03\/17\/liebe-schoenheimat\/\" >Liebe | sch\u00f6nheimat<\/a><\/h2><div class=\"ultp-block-excerpt\"><p>Nordwestkunst 2017. Die Nominierten 26.02. &#8211; 26.03.2017<\/p>\n<\/div><div class=\"ultp-block-readmore\"><a aria-label=\"Liebe | sch\u00f6nheimat\" href=\"https:\/\/www.wienefoet.de\/sw\/2017\/03\/17\/liebe-schoenheimat\/\" >weiterlesen<svg xmlns=\"http:\/\/www.w3.org\/2000\/svg\" fill=\"none\" viewBox=\"0 0 24 24\">\n  <path stroke=\"currentColor\" stroke-linecap=\"round\" stroke-linejoin=\"round\" stroke-width=\"1.5\" d=\"M17.933 12.8a1 1 0 0 0 0-1.6L8.6 4.2A1 1 0 0 0 7 5v14a1 1 0 0 0 1.6.8l9.333-7Z\"\/>\n<\/svg>\n<\/a><\/div><\/div><\/div><\/div><div class=\"ultp-block-item ultp-block-media post-id-346\"><div class=\"ultp-block-content-wrap\"><div class=\"ultp-block-image ultp-block-image-zoomIn\"><a href=\"https:\/\/www.wienefoet.de\/sw\/2016\/11\/16\/kunst-inklusive\/\" ><img decoding=\"async\"  alt=\"Kunst inklusive\"  src=\"https:\/\/www.wienefoet.de\/sw\/wp-content\/uploads\/2021\/09\/Kunst-inklusive.png\" \/><\/a><\/div><div class=\"ultp-block-content\"><div class=\"ultp-category-grid ultp-category-classic ultp-category-aboveTitle\"><div class=\"ultp-category-in ultp-cat-color-1\"><a class=\"ultp-cat-2016 ultp-cat-only-color-1\" href=\"https:\/\/www.wienefoet.de\/sw\/category\/2016\/\" style=\"background-color: #CE2746;\" >2016<\/a><a class=\"ultp-cat-termine ultp-cat-only-color-1\" href=\"https:\/\/www.wienefoet.de\/sw\/category\/termine\/\" style=\"background-color: #CE2746;\" >Termine<\/a><\/div><\/div><h2 class=\"ultp-block-title \"><a href=\"https:\/\/www.wienefoet.de\/sw\/2016\/11\/16\/kunst-inklusive\/\" >Kunst inklusive<\/a><\/h2><div class=\"ultp-block-excerpt\"><p>Bezirk Oberbayern 16.11.2016<\/p>\n<\/div><div class=\"ultp-block-readmore\"><a aria-label=\"Kunst inklusive\" href=\"https:\/\/www.wienefoet.de\/sw\/2016\/11\/16\/kunst-inklusive\/\" >weiterlesen<svg xmlns=\"http:\/\/www.w3.org\/2000\/svg\" fill=\"none\" viewBox=\"0 0 24 24\">\n  <path stroke=\"currentColor\" stroke-linecap=\"round\" stroke-linejoin=\"round\" stroke-width=\"1.5\" d=\"M17.933 12.8a1 1 0 0 0 0-1.6L8.6 4.2A1 1 0 0 0 7 5v14a1 1 0 0 0 1.6.8l9.333-7Z\"\/>\n<\/svg>\n<\/a><\/div><\/div><\/div><\/div><div class=\"ultp-block-item ultp-block-media post-id-352\"><div class=\"ultp-block-content-wrap\"><div class=\"ultp-block-image ultp-block-image-zoomIn\"><a href=\"https:\/\/www.wienefoet.de\/sw\/2016\/10\/16\/schoenheimat\/\" ><img decoding=\"async\"  alt=\"sch\u00f6nheimat\"  src=\"https:\/\/www.wienefoet.de\/sw\/wp-content\/uploads\/2021\/09\/schoenheimat.jpg\" \/><\/a><\/div><div class=\"ultp-block-content\"><div class=\"ultp-category-grid ultp-category-classic ultp-category-aboveTitle\"><div class=\"ultp-category-in ultp-cat-color-1\"><a class=\"ultp-cat-2016 ultp-cat-only-color-1\" href=\"https:\/\/www.wienefoet.de\/sw\/category\/2016\/\" style=\"background-color: #CE2746;\" >2016<\/a><a class=\"ultp-cat-termine ultp-cat-only-color-1\" href=\"https:\/\/www.wienefoet.de\/sw\/category\/termine\/\" style=\"background-color: #CE2746;\" >Termine<\/a><\/div><\/div><h2 class=\"ultp-block-title \"><a href=\"https:\/\/www.wienefoet.de\/sw\/2016\/10\/16\/schoenheimat\/\" >sch\u00f6nheimat<\/a><\/h2><div class=\"ultp-block-excerpt\"><p>Reihe &#8222;M\u00fcnchen dezentral&#8220;, Kulturreferat M\u00fcnchen 05.10.2016<\/p>\n<\/div><div class=\"ultp-block-readmore\"><a aria-label=\"sch\u00f6nheimat\" href=\"https:\/\/www.wienefoet.de\/sw\/2016\/10\/16\/schoenheimat\/\" >weiterlesen<svg xmlns=\"http:\/\/www.w3.org\/2000\/svg\" fill=\"none\" viewBox=\"0 0 24 24\">\n  <path stroke=\"currentColor\" stroke-linecap=\"round\" stroke-linejoin=\"round\" stroke-width=\"1.5\" d=\"M17.933 12.8a1 1 0 0 0 0-1.6L8.6 4.2A1 1 0 0 0 7 5v14a1 1 0 0 0 1.6.8l9.333-7Z\"\/>\n<\/svg>\n<\/a><\/div><\/div><\/div><\/div><div class=\"ultp-block-item ultp-block-media post-id-349\"><div class=\"ultp-block-content-wrap\"><div class=\"ultp-block-image ultp-block-image-zoomIn\"><a href=\"https:\/\/www.wienefoet.de\/sw\/2016\/10\/16\/coming-of-age-2\/\" ><img decoding=\"async\"  alt=\"coming of age\"  src=\"https:\/\/www.wienefoet.de\/sw\/wp-content\/uploads\/2021\/09\/heiliggeist.jpg\" \/><\/a><\/div><div class=\"ultp-block-content\"><div class=\"ultp-category-grid ultp-category-classic ultp-category-aboveTitle\"><div class=\"ultp-category-in ultp-cat-color-1\"><a class=\"ultp-cat-2016 ultp-cat-only-color-1\" href=\"https:\/\/www.wienefoet.de\/sw\/category\/2016\/\" style=\"background-color: #CE2746;\" >2016<\/a><a class=\"ultp-cat-termine ultp-cat-only-color-1\" href=\"https:\/\/www.wienefoet.de\/sw\/category\/termine\/\" style=\"background-color: #CE2746;\" >Termine<\/a><\/div><\/div><h2 class=\"ultp-block-title \"><a href=\"https:\/\/www.wienefoet.de\/sw\/2016\/10\/16\/coming-of-age-2\/\" >coming of age<\/a><\/h2><div class=\"ultp-block-excerpt\"><p>Erinnerung | M\u00fcnchenstift Heilig Geist 06.10.2016<\/p>\n<\/div><div class=\"ultp-block-readmore\"><a aria-label=\"coming of age\" href=\"https:\/\/www.wienefoet.de\/sw\/2016\/10\/16\/coming-of-age-2\/\" >weiterlesen<svg xmlns=\"http:\/\/www.w3.org\/2000\/svg\" fill=\"none\" viewBox=\"0 0 24 24\">\n  <path stroke=\"currentColor\" stroke-linecap=\"round\" stroke-linejoin=\"round\" stroke-width=\"1.5\" d=\"M17.933 12.8a1 1 0 0 0 0-1.6L8.6 4.2A1 1 0 0 0 7 5v14a1 1 0 0 0 1.6.8l9.333-7Z\"\/>\n<\/svg>\n<\/a><\/div><\/div><\/div><\/div><div class=\"ultp-block-item ultp-block-media post-id-343\"><div class=\"ultp-block-content-wrap\"><div class=\"ultp-block-image ultp-block-image-zoomIn\"><a href=\"https:\/\/www.wienefoet.de\/sw\/2016\/09\/16\/783-hertz-haus-fuer-kinder-aubing\/\" ><img decoding=\"async\"  alt=\"7,83 Hertz | Haus f\u00fcr Kinder Aubing\"  src=\"https:\/\/www.wienefoet.de\/sw\/wp-content\/uploads\/2021\/09\/quivid_logo.gif\" \/><\/a><\/div><div class=\"ultp-block-content\"><div class=\"ultp-category-grid ultp-category-classic ultp-category-aboveTitle\"><div class=\"ultp-category-in ultp-cat-color-1\"><a class=\"ultp-cat-2016 ultp-cat-only-color-1\" href=\"https:\/\/www.wienefoet.de\/sw\/category\/2016\/\" style=\"background-color: #CE2746;\" >2016<\/a><a class=\"ultp-cat-termine ultp-cat-only-color-1\" href=\"https:\/\/www.wienefoet.de\/sw\/category\/termine\/\" style=\"background-color: #CE2746;\" >Termine<\/a><\/div><\/div><h2 class=\"ultp-block-title \"><a href=\"https:\/\/www.wienefoet.de\/sw\/2016\/09\/16\/783-hertz-haus-fuer-kinder-aubing\/\" >7,83 Hertz | Haus f\u00fcr Kinder Aubing<\/a><\/h2><div class=\"ultp-block-excerpt\"><p>Quivid &#8211; das Kunst-am-Bau-Programm der Stadt M\u00fcnchen Herbst 2016<\/p>\n<\/div><div class=\"ultp-block-readmore\"><a aria-label=\"7,83 Hertz | Haus f\u00fcr Kinder Aubing\" href=\"https:\/\/www.wienefoet.de\/sw\/2016\/09\/16\/783-hertz-haus-fuer-kinder-aubing\/\" >weiterlesen<svg xmlns=\"http:\/\/www.w3.org\/2000\/svg\" fill=\"none\" viewBox=\"0 0 24 24\">\n  <path stroke=\"currentColor\" stroke-linecap=\"round\" stroke-linejoin=\"round\" stroke-width=\"1.5\" d=\"M17.933 12.8a1 1 0 0 0 0-1.6L8.6 4.2A1 1 0 0 0 7 5v14a1 1 0 0 0 1.6.8l9.333-7Z\"\/>\n<\/svg>\n<\/a><\/div><\/div><\/div><\/div><div class=\"ultp-block-item ultp-block-media post-id-338\"><div class=\"ultp-block-content-wrap\"><div class=\"ultp-block-image ultp-block-image-zoomIn\"><a href=\"https:\/\/www.wienefoet.de\/sw\/2016\/05\/16\/coming-of-age\/\" ><img decoding=\"async\"  alt=\"coming of age\"  src=\"https:\/\/www.wienefoet.de\/sw\/wp-content\/uploads\/2021\/09\/postkarte-ausstellung-1-kompl-FINAL_Seite_1_web.jpg\" \/><\/a><\/div><div class=\"ultp-block-content\"><div class=\"ultp-category-grid ultp-category-classic ultp-category-aboveTitle\"><div class=\"ultp-category-in ultp-cat-color-1\"><a class=\"ultp-cat-2016 ultp-cat-only-color-1\" href=\"https:\/\/www.wienefoet.de\/sw\/category\/2016\/\" style=\"background-color: #CE2746;\" >2016<\/a><a class=\"ultp-cat-termine ultp-cat-only-color-1\" href=\"https:\/\/www.wienefoet.de\/sw\/category\/termine\/\" style=\"background-color: #CE2746;\" >Termine<\/a><\/div><\/div><h2 class=\"ultp-block-title \"><a href=\"https:\/\/www.wienefoet.de\/sw\/2016\/05\/16\/coming-of-age\/\" >coming of age<\/a><\/h2><div class=\"ultp-block-excerpt\"><p>Cuxhavener Kunstverein 20.05.2016<\/p>\n<\/div><div class=\"ultp-block-readmore\"><a aria-label=\"coming of age\" href=\"https:\/\/www.wienefoet.de\/sw\/2016\/05\/16\/coming-of-age\/\" >weiterlesen<svg xmlns=\"http:\/\/www.w3.org\/2000\/svg\" fill=\"none\" viewBox=\"0 0 24 24\">\n  <path stroke=\"currentColor\" stroke-linecap=\"round\" stroke-linejoin=\"round\" stroke-width=\"1.5\" d=\"M17.933 12.8a1 1 0 0 0 0-1.6L8.6 4.2A1 1 0 0 0 7 5v14a1 1 0 0 0 1.6.8l9.333-7Z\"\/>\n<\/svg>\n<\/a><\/div><\/div><\/div><\/div><div class=\"ultp-block-item ultp-block-media post-id-334\"><div class=\"ultp-block-content-wrap\"><div class=\"ultp-block-image ultp-block-image-zoomIn\"><a href=\"https:\/\/www.wienefoet.de\/sw\/2016\/05\/16\/transition\/\" ><img decoding=\"async\"  alt=\"transition\u00a0\"  src=\"https:\/\/www.wienefoet.de\/sw\/wp-content\/uploads\/2021\/09\/KunstRasen_transition_Seite_1_web.jpg\" \/><\/a><\/div><div class=\"ultp-block-content\"><div class=\"ultp-category-grid ultp-category-classic ultp-category-aboveTitle\"><div class=\"ultp-category-in ultp-cat-color-1\"><a class=\"ultp-cat-2016 ultp-cat-only-color-1\" href=\"https:\/\/www.wienefoet.de\/sw\/category\/2016\/\" style=\"background-color: #CE2746;\" >2016<\/a><a class=\"ultp-cat-termine ultp-cat-only-color-1\" href=\"https:\/\/www.wienefoet.de\/sw\/category\/termine\/\" style=\"background-color: #CE2746;\" >Termine<\/a><\/div><\/div><h2 class=\"ultp-block-title \"><a href=\"https:\/\/www.wienefoet.de\/sw\/2016\/05\/16\/transition\/\" >transition\u00a0<\/a><\/h2><div class=\"ultp-block-excerpt\"><p>STADT.KUNST 28. Mai 2016<\/p>\n<\/div><div class=\"ultp-block-readmore\"><a aria-label=\"transition\u00a0\" href=\"https:\/\/www.wienefoet.de\/sw\/2016\/05\/16\/transition\/\" >weiterlesen<svg xmlns=\"http:\/\/www.w3.org\/2000\/svg\" fill=\"none\" viewBox=\"0 0 24 24\">\n  <path stroke=\"currentColor\" stroke-linecap=\"round\" stroke-linejoin=\"round\" stroke-width=\"1.5\" d=\"M17.933 12.8a1 1 0 0 0 0-1.6L8.6 4.2A1 1 0 0 0 7 5v14a1 1 0 0 0 1.6.8l9.333-7Z\"\/>\n<\/svg>\n<\/a><\/div><\/div><\/div><\/div><div class=\"ultp-block-item ultp-block-media post-id-328\"><div class=\"ultp-block-content-wrap\"><div class=\"ultp-block-image ultp-block-image-zoomIn\"><a href=\"https:\/\/www.wienefoet.de\/sw\/2015\/08\/15\/fische-im-teich\/\" ><img decoding=\"async\"  alt=\"Fische im Teich\"  src=\"https:\/\/www.wienefoet.de\/sw\/wp-content\/uploads\/2021\/09\/da_logo.gif\" \/><\/a><\/div><div class=\"ultp-block-content\"><div class=\"ultp-category-grid ultp-category-classic ultp-category-aboveTitle\"><div class=\"ultp-category-in ultp-cat-color-1\"><a class=\"ultp-cat-2015 ultp-cat-only-color-1\" href=\"https:\/\/www.wienefoet.de\/sw\/category\/2015\/\" style=\"background-color: #CE2746;\" >2015<\/a><a class=\"ultp-cat-termine ultp-cat-only-color-1\" href=\"https:\/\/www.wienefoet.de\/sw\/category\/termine\/\" style=\"background-color: #CE2746;\" >Termine<\/a><\/div><\/div><h2 class=\"ultp-block-title \"><a href=\"https:\/\/www.wienefoet.de\/sw\/2015\/08\/15\/fische-im-teich\/\" >Fische im Teich<\/a><\/h2><div class=\"ultp-block-excerpt\"><p>da Projektstipendium Kloster Gravenhorst. Ideenwerkstatt 05. &#8211; 08. August 2015<\/p>\n<\/div><div class=\"ultp-block-readmore\"><a aria-label=\"Fische im Teich\" href=\"https:\/\/www.wienefoet.de\/sw\/2015\/08\/15\/fische-im-teich\/\" >weiterlesen<svg xmlns=\"http:\/\/www.w3.org\/2000\/svg\" fill=\"none\" viewBox=\"0 0 24 24\">\n  <path stroke=\"currentColor\" stroke-linecap=\"round\" stroke-linejoin=\"round\" stroke-width=\"1.5\" d=\"M17.933 12.8a1 1 0 0 0 0-1.6L8.6 4.2A1 1 0 0 0 7 5v14a1 1 0 0 0 1.6.8l9.333-7Z\"\/>\n<\/svg>\n<\/a><\/div><\/div><\/div><\/div><div class=\"ultp-block-item ultp-block-media post-id-330\"><div class=\"ultp-block-content-wrap\"><div class=\"ultp-block-image ultp-block-image-zoomIn\"><a href=\"https:\/\/www.wienefoet.de\/sw\/2015\/07\/15\/der-stoff-aus-dem-die-traeume-sind-2\/\" ><img decoding=\"async\"  alt=\"Der Stoff aus dem die Tr\u00e4ume sind\"  src=\"https:\/\/www.wienefoet.de\/sw\/wp-content\/uploads\/2021\/09\/2015-05-22-Pasing-by-Flyer-web_Seite_1.jpg\" \/><\/a><\/div><div class=\"ultp-block-content\"><div class=\"ultp-category-grid ultp-category-classic ultp-category-aboveTitle\"><div class=\"ultp-category-in ultp-cat-color-1\"><a class=\"ultp-cat-2015 ultp-cat-only-color-1\" href=\"https:\/\/www.wienefoet.de\/sw\/category\/2015\/\" style=\"background-color: #CE2746;\" >2015<\/a><a class=\"ultp-cat-termine ultp-cat-only-color-1\" href=\"https:\/\/www.wienefoet.de\/sw\/category\/termine\/\" style=\"background-color: #CE2746;\" >Termine<\/a><\/div><\/div><h2 class=\"ultp-block-title \"><a href=\"https:\/\/www.wienefoet.de\/sw\/2015\/07\/15\/der-stoff-aus-dem-die-traeume-sind-2\/\" >Der Stoff aus dem die Tr\u00e4ume sind<\/a><\/h2><div class=\"ultp-block-excerpt\"><p>pasing by. 17 Positionen im \u00f6ffentlichen Raum 03.-12. Juli 2015<\/p>\n<\/div><div class=\"ultp-block-readmore\"><a aria-label=\"Der Stoff aus dem die Tr\u00e4ume sind\" href=\"https:\/\/www.wienefoet.de\/sw\/2015\/07\/15\/der-stoff-aus-dem-die-traeume-sind-2\/\" >weiterlesen<svg xmlns=\"http:\/\/www.w3.org\/2000\/svg\" fill=\"none\" viewBox=\"0 0 24 24\">\n  <path stroke=\"currentColor\" stroke-linecap=\"round\" stroke-linejoin=\"round\" stroke-width=\"1.5\" d=\"M17.933 12.8a1 1 0 0 0 0-1.6L8.6 4.2A1 1 0 0 0 7 5v14a1 1 0 0 0 1.6.8l9.333-7Z\"\/>\n<\/svg>\n<\/a><\/div><\/div><\/div><\/div><div class=\"ultp-block-item ultp-block-media post-id-325\"><div class=\"ultp-block-content-wrap\"><div class=\"ultp-block-image ultp-block-image-zoomIn\"><a href=\"https:\/\/www.wienefoet.de\/sw\/2014\/12\/14\/edition-karbit\/\" ><img decoding=\"async\"  alt=\"Edition Karbit\"  src=\"https:\/\/www.wienefoet.de\/sw\/wp-content\/uploads\/2021\/09\/Karbit2014_web.jpg\" \/><\/a><\/div><div class=\"ultp-block-content\"><div class=\"ultp-category-grid ultp-category-classic ultp-category-aboveTitle\"><div class=\"ultp-category-in ultp-cat-color-1\"><a class=\"ultp-cat-2014 ultp-cat-only-color-1\" href=\"https:\/\/www.wienefoet.de\/sw\/category\/2014\/\" style=\"background-color: #CE2746;\" >2014<\/a><a class=\"ultp-cat-termine ultp-cat-only-color-1\" href=\"https:\/\/www.wienefoet.de\/sw\/category\/termine\/\" style=\"background-color: #CE2746;\" >Termine<\/a><\/div><\/div><h2 class=\"ultp-block-title \"><a href=\"https:\/\/www.wienefoet.de\/sw\/2014\/12\/14\/edition-karbit\/\" >Edition Karbit<\/a><\/h2><div class=\"ultp-block-excerpt\"><p>wie ein L\u00f6we br\u00fcllt. Zeichnung, Brailleschrift 2014, Auflage 12 (verschiedene) 05.12. &#8211; 07.12.2014<\/p>\n<\/div><div class=\"ultp-block-readmore\"><a aria-label=\"Edition Karbit\" href=\"https:\/\/www.wienefoet.de\/sw\/2014\/12\/14\/edition-karbit\/\" >weiterlesen<svg xmlns=\"http:\/\/www.w3.org\/2000\/svg\" fill=\"none\" viewBox=\"0 0 24 24\">\n  <path stroke=\"currentColor\" stroke-linecap=\"round\" stroke-linejoin=\"round\" stroke-width=\"1.5\" d=\"M17.933 12.8a1 1 0 0 0 0-1.6L8.6 4.2A1 1 0 0 0 7 5v14a1 1 0 0 0 1.6.8l9.333-7Z\"\/>\n<\/svg>\n<\/a><\/div><\/div><\/div><\/div><div class=\"ultp-block-item ultp-block-media post-id-321\"><div class=\"ultp-block-content-wrap\"><div class=\"ultp-block-image ultp-block-image-zoomIn\"><a href=\"https:\/\/www.wienefoet.de\/sw\/2014\/05\/14\/brownbear\/\" ><img decoding=\"async\"  alt=\"BrownBear\"  src=\"https:\/\/www.wienefoet.de\/sw\/wp-content\/uploads\/2021\/09\/15876_auslobung-DAZWISCHEN-update.jpg\" \/><\/a><\/div><div class=\"ultp-block-content\"><div class=\"ultp-category-grid ultp-category-classic ultp-category-aboveTitle\"><div class=\"ultp-category-in ultp-cat-color-1\"><a class=\"ultp-cat-2014 ultp-cat-only-color-1\" href=\"https:\/\/www.wienefoet.de\/sw\/category\/2014\/\" style=\"background-color: #CE2746;\" >2014<\/a><a class=\"ultp-cat-termine ultp-cat-only-color-1\" href=\"https:\/\/www.wienefoet.de\/sw\/category\/termine\/\" style=\"background-color: #CE2746;\" >Termine<\/a><\/div><\/div><h2 class=\"ultp-block-title \"><a href=\"https:\/\/www.wienefoet.de\/sw\/2014\/05\/14\/brownbear\/\" >BrownBear<\/a><\/h2><div class=\"ultp-block-excerpt\"><p>dichtDazwischen | Architekturwoche N\u00fcrnberg 17.05 &#8211; 25.05.2014<\/p>\n<\/div><div class=\"ultp-block-readmore\"><a aria-label=\"BrownBear\" href=\"https:\/\/www.wienefoet.de\/sw\/2014\/05\/14\/brownbear\/\" >weiterlesen<svg xmlns=\"http:\/\/www.w3.org\/2000\/svg\" fill=\"none\" viewBox=\"0 0 24 24\">\n  <path stroke=\"currentColor\" stroke-linecap=\"round\" stroke-linejoin=\"round\" stroke-width=\"1.5\" d=\"M17.933 12.8a1 1 0 0 0 0-1.6L8.6 4.2A1 1 0 0 0 7 5v14a1 1 0 0 0 1.6.8l9.333-7Z\"\/>\n<\/svg>\n<\/a><\/div><\/div><\/div><\/div><div class=\"ultp-block-item ultp-block-media post-id-308\"><div class=\"ultp-block-content-wrap\"><div class=\"ultp-block-image ultp-block-image-zoomIn\"><a href=\"https:\/\/www.wienefoet.de\/sw\/2013\/10\/13\/ich-sehe-was-was-du-nicht-siehst\/\" ><img decoding=\"async\"  alt=\"Ich sehe was was du nicht siehst\"  src=\"https:\/\/www.wienefoet.de\/sw\/wp-content\/uploads\/2021\/09\/Polizei_Nacht_8649_web.jpg\" \/><\/a><\/div><div class=\"ultp-block-content\"><div class=\"ultp-category-grid ultp-category-classic ultp-category-aboveTitle\"><div class=\"ultp-category-in ultp-cat-color-1\"><a class=\"ultp-cat-2013 ultp-cat-only-color-1\" href=\"https:\/\/www.wienefoet.de\/sw\/category\/2013\/\" style=\"background-color: #CE2746;\" >2013<\/a><a class=\"ultp-cat-termine ultp-cat-only-color-1\" href=\"https:\/\/www.wienefoet.de\/sw\/category\/termine\/\" style=\"background-color: #CE2746;\" >Termine<\/a><\/div><\/div><h2 class=\"ultp-block-title \"><a href=\"https:\/\/www.wienefoet.de\/sw\/2013\/10\/13\/ich-sehe-was-was-du-nicht-siehst\/\" >Ich sehe was was du nicht siehst<\/a><\/h2><div class=\"ultp-block-excerpt\"><p>Polizeipr\u00e4sidium Recklinghausen | Vestischer K\u00fcnstlerbund 22.09. &#8211; 20.10.2013<\/p>\n<\/div><div class=\"ultp-block-readmore\"><a aria-label=\"Ich sehe was was du nicht siehst\" href=\"https:\/\/www.wienefoet.de\/sw\/2013\/10\/13\/ich-sehe-was-was-du-nicht-siehst\/\" >weiterlesen<svg xmlns=\"http:\/\/www.w3.org\/2000\/svg\" fill=\"none\" viewBox=\"0 0 24 24\">\n  <path stroke=\"currentColor\" stroke-linecap=\"round\" stroke-linejoin=\"round\" stroke-width=\"1.5\" d=\"M17.933 12.8a1 1 0 0 0 0-1.6L8.6 4.2A1 1 0 0 0 7 5v14a1 1 0 0 0 1.6.8l9.333-7Z\"\/>\n<\/svg>\n<\/a><\/div><\/div><\/div><\/div><div class=\"ultp-block-item ultp-block-media post-id-300\"><div class=\"ultp-block-content-wrap\"><div class=\"ultp-block-image ultp-block-image-zoomIn\"><a href=\"https:\/\/www.wienefoet.de\/sw\/2013\/08\/13\/leuchtfeuer-der-film\/\" ><img decoding=\"async\"  alt=\"Leuchtfeuer. Der Film\"  src=\"https:\/\/www.wienefoet.de\/sw\/wp-content\/uploads\/2021\/09\/2013Nachtpuls_mail-1.jpg\" \/><\/a><\/div><div class=\"ultp-block-content\"><div class=\"ultp-category-grid ultp-category-classic ultp-category-aboveTitle\"><div class=\"ultp-category-in ultp-cat-color-1\"><a class=\"ultp-cat-2013 ultp-cat-only-color-1\" href=\"https:\/\/www.wienefoet.de\/sw\/category\/2013\/\" style=\"background-color: #CE2746;\" >2013<\/a><a class=\"ultp-cat-termine ultp-cat-only-color-1\" href=\"https:\/\/www.wienefoet.de\/sw\/category\/termine\/\" style=\"background-color: #CE2746;\" >Termine<\/a><\/div><\/div><h2 class=\"ultp-block-title \"><a href=\"https:\/\/www.wienefoet.de\/sw\/2013\/08\/13\/leuchtfeuer-der-film\/\" >Leuchtfeuer. Der Film<\/a><\/h2><div class=\"ultp-block-excerpt\"><p>LAp kUNSTkLUB | Schluder Strasse 45 | 80634 M\u00fcnchen 01.August 2013 | 19.00 Uhr<\/p>\n<\/div><div class=\"ultp-block-readmore\"><a aria-label=\"Leuchtfeuer. Der Film\" href=\"https:\/\/www.wienefoet.de\/sw\/2013\/08\/13\/leuchtfeuer-der-film\/\" >weiterlesen<svg xmlns=\"http:\/\/www.w3.org\/2000\/svg\" fill=\"none\" viewBox=\"0 0 24 24\">\n  <path stroke=\"currentColor\" stroke-linecap=\"round\" stroke-linejoin=\"round\" stroke-width=\"1.5\" d=\"M17.933 12.8a1 1 0 0 0 0-1.6L8.6 4.2A1 1 0 0 0 7 5v14a1 1 0 0 0 1.6.8l9.333-7Z\"\/>\n<\/svg>\n<\/a><\/div><\/div><\/div><\/div><div class=\"ultp-block-item ultp-block-media post-id-296\"><div class=\"ultp-block-content-wrap\"><div class=\"ultp-block-image ultp-block-image-zoomIn\"><a href=\"https:\/\/www.wienefoet.de\/sw\/2013\/07\/13\/leuchtfeuer-2\/\" ><img decoding=\"async\"  alt=\"Leuchtfeuer\"  src=\"https:\/\/www.wienefoet.de\/sw\/wp-content\/uploads\/2021\/09\/Leuchtfeuer3_Visual_Satellit_homepage.jpg\" \/><\/a><\/div><div class=\"ultp-block-content\"><div class=\"ultp-category-grid ultp-category-classic ultp-category-aboveTitle\"><div class=\"ultp-category-in ultp-cat-color-1\"><a class=\"ultp-cat-2013 ultp-cat-only-color-1\" href=\"https:\/\/www.wienefoet.de\/sw\/category\/2013\/\" style=\"background-color: #CE2746;\" >2013<\/a><a class=\"ultp-cat-termine ultp-cat-only-color-1\" href=\"https:\/\/www.wienefoet.de\/sw\/category\/termine\/\" style=\"background-color: #CE2746;\" >Termine<\/a><\/div><\/div><h2 class=\"ultp-block-title \"><a href=\"https:\/\/www.wienefoet.de\/sw\/2013\/07\/13\/leuchtfeuer-2\/\" >Leuchtfeuer<\/a><\/h2><div class=\"ultp-block-excerpt\"><p>K\u00fcnstlerdorf Sch\u00f6ppingen Er\u00f6ffnung&nbsp; 27.Juli 2013 | 17 Uhr<\/p>\n<\/div><div class=\"ultp-block-readmore\"><a aria-label=\"Leuchtfeuer\" href=\"https:\/\/www.wienefoet.de\/sw\/2013\/07\/13\/leuchtfeuer-2\/\" >weiterlesen<svg xmlns=\"http:\/\/www.w3.org\/2000\/svg\" fill=\"none\" viewBox=\"0 0 24 24\">\n  <path stroke=\"currentColor\" stroke-linecap=\"round\" stroke-linejoin=\"round\" stroke-width=\"1.5\" d=\"M17.933 12.8a1 1 0 0 0 0-1.6L8.6 4.2A1 1 0 0 0 7 5v14a1 1 0 0 0 1.6.8l9.333-7Z\"\/>\n<\/svg>\n<\/a><\/div><\/div><\/div><\/div><div class=\"ultp-block-item ultp-block-media post-id-304\"><div class=\"ultp-block-content-wrap\"><div class=\"ultp-block-image ultp-block-image-zoomIn\"><a href=\"https:\/\/www.wienefoet.de\/sw\/2013\/05\/13\/manto-transalpin\/\" ><img decoding=\"async\"  alt=\"manto transalpin\"  src=\"https:\/\/www.wienefoet.de\/sw\/wp-content\/uploads\/2021\/09\/da_logo.gif\" \/><\/a><\/div><div class=\"ultp-block-content\"><div class=\"ultp-category-grid ultp-category-classic ultp-category-aboveTitle\"><div class=\"ultp-category-in ultp-cat-color-1\"><a class=\"ultp-cat-2013 ultp-cat-only-color-1\" href=\"https:\/\/www.wienefoet.de\/sw\/category\/2013\/\" style=\"background-color: #CE2746;\" >2013<\/a><a class=\"ultp-cat-termine ultp-cat-only-color-1\" href=\"https:\/\/www.wienefoet.de\/sw\/category\/termine\/\" style=\"background-color: #CE2746;\" >Termine<\/a><\/div><\/div><h2 class=\"ultp-block-title \"><a href=\"https:\/\/www.wienefoet.de\/sw\/2013\/05\/13\/manto-transalpin\/\" >manto transalpin<\/a><\/h2><div class=\"ultp-block-excerpt\"><p>Da Kunsthaus Kloster Gravenhaus | Kunst in der Region 12.04 &#8211; 17.05.2013<\/p>\n<\/div><div class=\"ultp-block-readmore\"><a aria-label=\"manto transalpin\" href=\"https:\/\/www.wienefoet.de\/sw\/2013\/05\/13\/manto-transalpin\/\" >weiterlesen<svg xmlns=\"http:\/\/www.w3.org\/2000\/svg\" fill=\"none\" viewBox=\"0 0 24 24\">\n  <path stroke=\"currentColor\" stroke-linecap=\"round\" stroke-linejoin=\"round\" stroke-width=\"1.5\" d=\"M17.933 12.8a1 1 0 0 0 0-1.6L8.6 4.2A1 1 0 0 0 7 5v14a1 1 0 0 0 1.6.8l9.333-7Z\"\/>\n<\/svg>\n<\/a><\/div><\/div><\/div><\/div><div class=\"ultp-block-item ultp-block-media post-id-292\"><div class=\"ultp-block-content-wrap\"><div class=\"ultp-block-image ultp-block-image-zoomIn\"><a href=\"https:\/\/www.wienefoet.de\/sw\/2013\/05\/13\/sehenswertes-2\/\" ><img decoding=\"async\"  alt=\"Sehenswertes\"  src=\"https:\/\/www.wienefoet.de\/sw\/wp-content\/uploads\/2021\/09\/Sehenswertes_Seite1.jpg\" \/><\/a><\/div><div class=\"ultp-block-content\"><div class=\"ultp-category-grid ultp-category-classic ultp-category-aboveTitle\"><div class=\"ultp-category-in ultp-cat-color-1\"><a class=\"ultp-cat-2013 ultp-cat-only-color-1\" href=\"https:\/\/www.wienefoet.de\/sw\/category\/2013\/\" style=\"background-color: #CE2746;\" >2013<\/a><a class=\"ultp-cat-termine ultp-cat-only-color-1\" href=\"https:\/\/www.wienefoet.de\/sw\/category\/termine\/\" style=\"background-color: #CE2746;\" >Termine<\/a><\/div><\/div><h2 class=\"ultp-block-title \"><a href=\"https:\/\/www.wienefoet.de\/sw\/2013\/05\/13\/sehenswertes-2\/\" >Sehenswertes<\/a><\/h2><div class=\"ultp-block-excerpt\"><p>Cuxhavener Kunstverein 12.04 &#8211; 17.05.2013<\/p>\n<\/div><div class=\"ultp-block-readmore\"><a aria-label=\"Sehenswertes\" href=\"https:\/\/www.wienefoet.de\/sw\/2013\/05\/13\/sehenswertes-2\/\" >weiterlesen<svg xmlns=\"http:\/\/www.w3.org\/2000\/svg\" fill=\"none\" viewBox=\"0 0 24 24\">\n  <path stroke=\"currentColor\" stroke-linecap=\"round\" stroke-linejoin=\"round\" stroke-width=\"1.5\" d=\"M17.933 12.8a1 1 0 0 0 0-1.6L8.6 4.2A1 1 0 0 0 7 5v14a1 1 0 0 0 1.6.8l9.333-7Z\"\/>\n<\/svg>\n<\/a><\/div><\/div><\/div><\/div><div class=\"ultp-block-item ultp-block-media post-id-315\"><div class=\"ultp-block-content-wrap\"><div class=\"ultp-block-image ultp-block-image-zoomIn\"><a href=\"https:\/\/www.wienefoet.de\/sw\/2013\/04\/13\/grenswerte\/\" ><img decoding=\"async\"  alt=\"GrensWerte\"  src=\"https:\/\/www.wienefoet.de\/sw\/wp-content\/uploads\/2021\/09\/Grenswerte_Weltausstellung_web.jpg\" \/><\/a><\/div><div class=\"ultp-block-content\"><div class=\"ultp-category-grid ultp-category-classic ultp-category-aboveTitle\"><div class=\"ultp-category-in ultp-cat-color-1\"><a class=\"ultp-cat-2013 ultp-cat-only-color-1\" href=\"https:\/\/www.wienefoet.de\/sw\/category\/2013\/\" style=\"background-color: #CE2746;\" >2013<\/a><a class=\"ultp-cat-termine ultp-cat-only-color-1\" href=\"https:\/\/www.wienefoet.de\/sw\/category\/termine\/\" style=\"background-color: #CE2746;\" >Termine<\/a><\/div><\/div><h2 class=\"ultp-block-title \"><a href=\"https:\/\/www.wienefoet.de\/sw\/2013\/04\/13\/grenswerte\/\" >GrensWerte<\/a><\/h2><div class=\"ultp-block-excerpt\"><p>GrensWerte. Weltausstellung | Kloster Bentlage Rheine 21.03 &#8211; 13.04.2013<\/p>\n<\/div><div class=\"ultp-block-readmore\"><a aria-label=\"GrensWerte\" href=\"https:\/\/www.wienefoet.de\/sw\/2013\/04\/13\/grenswerte\/\" >weiterlesen<svg xmlns=\"http:\/\/www.w3.org\/2000\/svg\" fill=\"none\" viewBox=\"0 0 24 24\">\n  <path stroke=\"currentColor\" stroke-linecap=\"round\" stroke-linejoin=\"round\" stroke-width=\"1.5\" d=\"M17.933 12.8a1 1 0 0 0 0-1.6L8.6 4.2A1 1 0 0 0 7 5v14a1 1 0 0 0 1.6.8l9.333-7Z\"\/>\n<\/svg>\n<\/a><\/div><\/div><\/div><\/div><div class=\"ultp-block-item ultp-block-media post-id-318\"><div class=\"ultp-block-content-wrap\"><div class=\"ultp-block-image ultp-block-image-zoomIn\"><a href=\"https:\/\/www.wienefoet.de\/sw\/2013\/03\/13\/platform-was-kommt-was-bleibt\/\" ><img decoding=\"async\"  alt=\"PLATFORM. Was kommt \u2013 Was bleibt?\"  src=\"https:\/\/www.wienefoet.de\/sw\/wp-content\/uploads\/2021\/09\/platform_5-Jahre_web.jpg\" \/><\/a><\/div><div class=\"ultp-block-content\"><div class=\"ultp-category-grid ultp-category-classic ultp-category-aboveTitle\"><div class=\"ultp-category-in ultp-cat-color-1\"><a class=\"ultp-cat-2013 ultp-cat-only-color-1\" href=\"https:\/\/www.wienefoet.de\/sw\/category\/2013\/\" style=\"background-color: #CE2746;\" >2013<\/a><a class=\"ultp-cat-termine ultp-cat-only-color-1\" href=\"https:\/\/www.wienefoet.de\/sw\/category\/termine\/\" style=\"background-color: #CE2746;\" >Termine<\/a><\/div><\/div><h2 class=\"ultp-block-title \"><a href=\"https:\/\/www.wienefoet.de\/sw\/2013\/03\/13\/platform-was-kommt-was-bleibt\/\" >PLATFORM. Was kommt \u2013 Was bleibt?<\/a><\/h2><div class=\"ultp-block-excerpt\"><p>F\u00fcnf Jahresfeier der PLATFORM 28.03.2013 um 19.00 Uhr bis 30.03.2013 um 18.00 Uhr<\/p>\n<\/div><div class=\"ultp-block-readmore\"><a aria-label=\"PLATFORM. Was kommt \u2013 Was bleibt?\" href=\"https:\/\/www.wienefoet.de\/sw\/2013\/03\/13\/platform-was-kommt-was-bleibt\/\" >weiterlesen<svg xmlns=\"http:\/\/www.w3.org\/2000\/svg\" fill=\"none\" viewBox=\"0 0 24 24\">\n  <path stroke=\"currentColor\" stroke-linecap=\"round\" stroke-linejoin=\"round\" stroke-width=\"1.5\" d=\"M17.933 12.8a1 1 0 0 0 0-1.6L8.6 4.2A1 1 0 0 0 7 5v14a1 1 0 0 0 1.6.8l9.333-7Z\"\/>\n<\/svg>\n<\/a><\/div><\/div><\/div><\/div><div class=\"ultp-block-item ultp-block-media post-id-312\"><div class=\"ultp-block-content-wrap\"><div class=\"ultp-block-image ultp-block-image-zoomIn\"><a href=\"https:\/\/www.wienefoet.de\/sw\/2013\/03\/13\/altersgrenze\/\" ><img decoding=\"async\"  alt=\"Altersgrenze\"  src=\"https:\/\/www.wienefoet.de\/sw\/wp-content\/uploads\/2021\/09\/Flyer-Altersgrenze-def_Seite_1_web.jpg\" \/><\/a><\/div><div class=\"ultp-block-content\"><div class=\"ultp-category-grid ultp-category-classic ultp-category-aboveTitle\"><div class=\"ultp-category-in ultp-cat-color-1\"><a class=\"ultp-cat-2013 ultp-cat-only-color-1\" href=\"https:\/\/www.wienefoet.de\/sw\/category\/2013\/\" style=\"background-color: #CE2746;\" >2013<\/a><a class=\"ultp-cat-termine ultp-cat-only-color-1\" href=\"https:\/\/www.wienefoet.de\/sw\/category\/termine\/\" style=\"background-color: #CE2746;\" >Termine<\/a><\/div><\/div><h2 class=\"ultp-block-title \"><a href=\"https:\/\/www.wienefoet.de\/sw\/2013\/03\/13\/altersgrenze\/\" >Altersgrenze<\/a><\/h2><div class=\"ultp-block-excerpt\"><p>Grenz\u00fcbergang Winterswijk (NL) und Oeding (D) | GrensWerte 08.03. &#8211; 18.03.2013<\/p>\n<\/div><div class=\"ultp-block-readmore\"><a aria-label=\"Altersgrenze\" href=\"https:\/\/www.wienefoet.de\/sw\/2013\/03\/13\/altersgrenze\/\" >weiterlesen<svg xmlns=\"http:\/\/www.w3.org\/2000\/svg\" fill=\"none\" viewBox=\"0 0 24 24\">\n  <path stroke=\"currentColor\" stroke-linecap=\"round\" stroke-linejoin=\"round\" stroke-width=\"1.5\" d=\"M17.933 12.8a1 1 0 0 0 0-1.6L8.6 4.2A1 1 0 0 0 7 5v14a1 1 0 0 0 1.6.8l9.333-7Z\"\/>\n<\/svg>\n<\/a><\/div><\/div><\/div><\/div><div class=\"ultp-block-item ultp-block-media post-id-289\"><div class=\"ultp-block-content-wrap\"><div class=\"ultp-block-image ultp-block-image-zoomIn\"><a href=\"https:\/\/www.wienefoet.de\/sw\/2012\/08\/12\/kunsthaus-kloster-gravenhorst\/\" ><img decoding=\"async\"  alt=\"Kunsthaus Kloster Gravenhorst\"  src=\"https:\/\/www.wienefoet.de\/sw\/wp-content\/uploads\/2021\/09\/Kloster-Gravenhorst.jpg\" \/><\/a><\/div><div class=\"ultp-block-content\"><div class=\"ultp-category-grid ultp-category-classic ultp-category-aboveTitle\"><div class=\"ultp-category-in ultp-cat-color-1\"><a class=\"ultp-cat-2012 ultp-cat-only-color-1\" href=\"https:\/\/www.wienefoet.de\/sw\/category\/2012\/\" style=\"background-color: #CE2746;\" >2012<\/a><a class=\"ultp-cat-termine ultp-cat-only-color-1\" href=\"https:\/\/www.wienefoet.de\/sw\/category\/termine\/\" style=\"background-color: #CE2746;\" >Termine<\/a><\/div><\/div><h2 class=\"ultp-block-title \"><a href=\"https:\/\/www.wienefoet.de\/sw\/2012\/08\/12\/kunsthaus-kloster-gravenhorst\/\" >Kunsthaus Kloster Gravenhorst<\/a><\/h2><div class=\"ultp-block-excerpt\"><p>Ideenwerkstatt 16.08 &#8211; 19.08.2012<\/p>\n<\/div><div class=\"ultp-block-readmore\"><a aria-label=\"Kunsthaus Kloster Gravenhorst\" href=\"https:\/\/www.wienefoet.de\/sw\/2012\/08\/12\/kunsthaus-kloster-gravenhorst\/\" >weiterlesen<svg xmlns=\"http:\/\/www.w3.org\/2000\/svg\" fill=\"none\" viewBox=\"0 0 24 24\">\n  <path stroke=\"currentColor\" stroke-linecap=\"round\" stroke-linejoin=\"round\" stroke-width=\"1.5\" d=\"M17.933 12.8a1 1 0 0 0 0-1.6L8.6 4.2A1 1 0 0 0 7 5v14a1 1 0 0 0 1.6.8l9.333-7Z\"\/>\n<\/svg>\n<\/a><\/div><\/div><\/div><\/div><div class=\"ultp-block-item ultp-block-media post-id-286\"><div class=\"ultp-block-content-wrap\"><div class=\"ultp-block-image ultp-block-image-zoomIn\"><a href=\"https:\/\/www.wienefoet.de\/sw\/2012\/04\/12\/a-public-moment\/\" ><img decoding=\"async\"  alt=\"A PUBLIC MOMENT.\"  src=\"https:\/\/www.wienefoet.de\/sw\/wp-content\/uploads\/2021\/09\/bepublic_website_DSC07737.jpg\" \/><\/a><\/div><div class=\"ultp-block-content\"><div class=\"ultp-category-grid ultp-category-classic ultp-category-aboveTitle\"><div class=\"ultp-category-in ultp-cat-color-1\"><a class=\"ultp-cat-2012 ultp-cat-only-color-1\" href=\"https:\/\/www.wienefoet.de\/sw\/category\/2012\/\" style=\"background-color: #CE2746;\" >2012<\/a><a class=\"ultp-cat-termine ultp-cat-only-color-1\" href=\"https:\/\/www.wienefoet.de\/sw\/category\/termine\/\" style=\"background-color: #CE2746;\" >Termine<\/a><\/div><\/div><h2 class=\"ultp-block-title \"><a href=\"https:\/\/www.wienefoet.de\/sw\/2012\/04\/12\/a-public-moment\/\" >A PUBLIC MOMENT.<\/a><\/h2><div class=\"ultp-block-excerpt\"><p>WORKSHOP, AUSSTELLUNG, OFFENE ATELIERS UND VERANSTALTUNGEN ZUM 3. JUBIL\u00c4UM VON PLATFORM3 24. M\u00e4rz 2012 bis 28. April 2012 Anl\u00e4sslich des dreij\u00e4hrigen Bestehens von PLATFORM3 befassen sich die K\u00fcnstler der Ateliers&hellip;<\/p>\n<\/div><div class=\"ultp-block-readmore\"><a aria-label=\"A PUBLIC MOMENT.\" href=\"https:\/\/www.wienefoet.de\/sw\/2012\/04\/12\/a-public-moment\/\" >weiterlesen<svg xmlns=\"http:\/\/www.w3.org\/2000\/svg\" fill=\"none\" viewBox=\"0 0 24 24\">\n  <path stroke=\"currentColor\" stroke-linecap=\"round\" stroke-linejoin=\"round\" stroke-width=\"1.5\" d=\"M17.933 12.8a1 1 0 0 0 0-1.6L8.6 4.2A1 1 0 0 0 7 5v14a1 1 0 0 0 1.6.8l9.333-7Z\"\/>\n<\/svg>\n<\/a><\/div><\/div><\/div><\/div><div class=\"ultp-block-item ultp-block-media post-id-281\"><div class=\"ultp-block-content-wrap\"><div class=\"ultp-block-image ultp-block-image-zoomIn\"><a href=\"https:\/\/www.wienefoet.de\/sw\/2011\/09\/11\/auf-aeg\/\" ><img decoding=\"async\"  alt=\"Auf AEG\"  src=\"https:\/\/www.wienefoet.de\/sw\/wp-content\/uploads\/2021\/09\/Karte_Kulturwerkstatt_offen_auf_AEG_Seite_1.jpg\" \/><\/a><\/div><div class=\"ultp-block-content\"><div class=\"ultp-category-grid ultp-category-classic ultp-category-aboveTitle\"><div class=\"ultp-category-in ultp-cat-color-1\"><a class=\"ultp-cat-2011 ultp-cat-only-color-1\" href=\"https:\/\/www.wienefoet.de\/sw\/category\/2011\/\" style=\"background-color: #CE2746;\" >2011<\/a><a class=\"ultp-cat-termine ultp-cat-only-color-1\" href=\"https:\/\/www.wienefoet.de\/sw\/category\/termine\/\" style=\"background-color: #CE2746;\" >Termine<\/a><\/div><\/div><h2 class=\"ultp-block-title \"><a href=\"https:\/\/www.wienefoet.de\/sw\/2011\/09\/11\/auf-aeg\/\" >Auf AEG<\/a><\/h2><div class=\"ultp-block-excerpt\"><p>Offen auf AEG. Pr\u00e4sentation des Graphischen Logs Kraftstoff 24. Sept. 2011von 11 bis 17.00 Uhr<\/p>\n<\/div><div class=\"ultp-block-readmore\"><a aria-label=\"Auf AEG\" href=\"https:\/\/www.wienefoet.de\/sw\/2011\/09\/11\/auf-aeg\/\" >weiterlesen<svg xmlns=\"http:\/\/www.w3.org\/2000\/svg\" fill=\"none\" viewBox=\"0 0 24 24\">\n  <path stroke=\"currentColor\" stroke-linecap=\"round\" stroke-linejoin=\"round\" stroke-width=\"1.5\" d=\"M17.933 12.8a1 1 0 0 0 0-1.6L8.6 4.2A1 1 0 0 0 7 5v14a1 1 0 0 0 1.6.8l9.333-7Z\"\/>\n<\/svg>\n<\/a><\/div><\/div><\/div><\/div><div class=\"ultp-block-item ultp-block-media post-id-275\"><div class=\"ultp-block-content-wrap\"><div class=\"ultp-block-image ultp-block-image-zoomIn\"><a href=\"https:\/\/www.wienefoet.de\/sw\/2011\/09\/11\/give-me-five-im-westen-was-neues\/\" ><img decoding=\"async\"  alt=\"Give me five! Im Westen was Neues\"  src=\"https:\/\/www.wienefoet.de\/sw\/wp-content\/uploads\/2021\/09\/Kraftstoff-Karte_4c_Seite1_website.jpg\" \/><\/a><\/div><div class=\"ultp-block-content\"><div class=\"ultp-category-grid ultp-category-classic ultp-category-aboveTitle\"><div class=\"ultp-category-in ultp-cat-color-1\"><a class=\"ultp-cat-2011 ultp-cat-only-color-1\" href=\"https:\/\/www.wienefoet.de\/sw\/category\/2011\/\" style=\"background-color: #CE2746;\" >2011<\/a><a class=\"ultp-cat-termine ultp-cat-only-color-1\" href=\"https:\/\/www.wienefoet.de\/sw\/category\/termine\/\" style=\"background-color: #CE2746;\" >Termine<\/a><\/div><\/div><h2 class=\"ultp-block-title \"><a href=\"https:\/\/www.wienefoet.de\/sw\/2011\/09\/11\/give-me-five-im-westen-was-neues\/\" >Give me five! Im Westen was Neues<\/a><\/h2><div class=\"ultp-block-excerpt\"><p>Gewinn der Ausschreibung mit dem Projekt&nbsp;KRAFTSTOFF&nbsp;im Rahmen von&nbsp;ESWEERWE&nbsp;mit Ralph Walczyk. 15. bis 17. April 2011 Das Kulturreferat der Stadt N\u00fcrnberg veranstaltet im Zeitraum vom 15. bis 17. April 2011 gemeinsam&hellip;<\/p>\n<\/div><div class=\"ultp-block-readmore\"><a aria-label=\"Give me five! Im Westen was Neues\" href=\"https:\/\/www.wienefoet.de\/sw\/2011\/09\/11\/give-me-five-im-westen-was-neues\/\" >weiterlesen<svg xmlns=\"http:\/\/www.w3.org\/2000\/svg\" fill=\"none\" viewBox=\"0 0 24 24\">\n  <path stroke=\"currentColor\" stroke-linecap=\"round\" stroke-linejoin=\"round\" stroke-width=\"1.5\" d=\"M17.933 12.8a1 1 0 0 0 0-1.6L8.6 4.2A1 1 0 0 0 7 5v14a1 1 0 0 0 1.6.8l9.333-7Z\"\/>\n<\/svg>\n<\/a><\/div><\/div><\/div><\/div><div class=\"ultp-block-item ultp-block-media post-id-278\"><div class=\"ultp-block-content-wrap\"><div class=\"ultp-block-image ultp-block-image-zoomIn\"><a href=\"https:\/\/www.wienefoet.de\/sw\/2011\/02\/11\/kuenstlergut-proesitz\/\" ><img decoding=\"async\"  alt=\"K\u00dcNSTLERGUT PR\u00d6SITZ\"  src=\"https:\/\/www.wienefoet.de\/sw\/wp-content\/uploads\/2021\/09\/Karte-proesitz-vornrueck-web.jpg\" \/><\/a><\/div><div class=\"ultp-block-content\"><div class=\"ultp-category-grid ultp-category-classic ultp-category-aboveTitle\"><div class=\"ultp-category-in ultp-cat-color-1\"><a class=\"ultp-cat-2011 ultp-cat-only-color-1\" href=\"https:\/\/www.wienefoet.de\/sw\/category\/2011\/\" style=\"background-color: #CE2746;\" >2011<\/a><a class=\"ultp-cat-termine ultp-cat-only-color-1\" href=\"https:\/\/www.wienefoet.de\/sw\/category\/termine\/\" style=\"background-color: #CE2746;\" >Termine<\/a><\/div><\/div><h2 class=\"ultp-block-title \"><a href=\"https:\/\/www.wienefoet.de\/sw\/2011\/02\/11\/kuenstlergut-proesitz\/\" >K\u00dcNSTLERGUT PR\u00d6SITZ<\/a><\/h2><div class=\"ultp-block-excerpt\"><p>Stipendiatinnen 2010 07.01 bis 05.02.2011 Dorthe Goeden, Odine Lang, Nina Doege, Sabine Fassl, Imke Freiberg, Silvia Wienefoet,&nbsp;Alice Musiol, Christiane Rasch, Imke Rathert 7.01. \u2013 5.02.11 Ausstellungser\u00f6ffnung:7.01.11, 20 Uhr<\/p>\n<\/div><div class=\"ultp-block-readmore\"><a aria-label=\"K\u00dcNSTLERGUT PR\u00d6SITZ\" href=\"https:\/\/www.wienefoet.de\/sw\/2011\/02\/11\/kuenstlergut-proesitz\/\" >weiterlesen<svg xmlns=\"http:\/\/www.w3.org\/2000\/svg\" fill=\"none\" viewBox=\"0 0 24 24\">\n  <path stroke=\"currentColor\" stroke-linecap=\"round\" stroke-linejoin=\"round\" stroke-width=\"1.5\" d=\"M17.933 12.8a1 1 0 0 0 0-1.6L8.6 4.2A1 1 0 0 0 7 5v14a1 1 0 0 0 1.6.8l9.333-7Z\"\/>\n<\/svg>\n<\/a><\/div><\/div><\/div><\/div><\/div><div class=\"ultp-pagination-wrap\" data-paged=\"1\" data-expost=\"\"  data-blockid=\"5b2f2d\" data-postid=\"27\" data-pages=\"1\" data-blockname=\"ultimate-post_post-list-3\" data-selfpostid=\"no\"><\/div><\/div><div class=\"pagination-block-html\" aria-hidden=\"true\" style=\"display: none;\"><\/div><\/div>\n\n\n<p class=\"wp-block-paragraph\"><\/p>\n","protected":false},"excerpt":{"rendered":"","protected":false},"author":1,"featured_media":0,"parent":0,"menu_order":0,"comment_status":"closed","ping_status":"closed","template":"ultp_page_template","meta":{"_crdt_document":"","footnotes":""},"class_list":["post-27","page","type-page","status-publish","hentry"],"_links":{"self":[{"href":"https:\/\/www.wienefoet.de\/sw\/wp-json\/wp\/v2\/pages\/27","targetHints":{"allow":["GET"]}}],"collection":[{"href":"https:\/\/www.wienefoet.de\/sw\/wp-json\/wp\/v2\/pages"}],"about":[{"href":"https:\/\/www.wienefoet.de\/sw\/wp-json\/wp\/v2\/types\/page"}],"author":[{"embeddable":true,"href":"https:\/\/www.wienefoet.de\/sw\/wp-json\/wp\/v2\/users\/1"}],"replies":[{"embeddable":true,"href":"https:\/\/www.wienefoet.de\/sw\/wp-json\/wp\/v2\/comments?post=27"}],"version-history":[{"count":22,"href":"https:\/\/www.wienefoet.de\/sw\/wp-json\/wp\/v2\/pages\/27\/revisions"}],"predecessor-version":[{"id":708,"href":"https:\/\/www.wienefoet.de\/sw\/wp-json\/wp\/v2\/pages\/27\/revisions\/708"}],"wp:attachment":[{"href":"https:\/\/www.wienefoet.de\/sw\/wp-json\/wp\/v2\/media?parent=27"}],"curies":[{"name":"wp","href":"https:\/\/api.w.org\/{rel}","templated":true}]}}